{"id":23,"date":"2017-01-11T18:06:00","date_gmt":"2017-01-11T17:06:00","guid":{"rendered":"http:\/\/www.marielaurepercot.fr\/?page_id=23"},"modified":"2026-04-27T15:56:29","modified_gmt":"2026-04-27T13:56:29","slug":"la-somatotherapie","status":"publish","type":"page","link":"https:\/\/www.marielaurepercot.fr\/index.php\/la-somatotherapie\/","title":{"rendered":"La Somatoth\u00e9rapie"},"content":{"rendered":"\n<h6 class=\"wp-block-heading\">&nbsp;&nbsp;&nbsp;&nbsp;&nbsp;&nbsp;&nbsp;&nbsp;&nbsp;&nbsp;&nbsp;&nbsp;&nbsp;&nbsp;&nbsp;&nbsp;&nbsp;&nbsp;&nbsp;&nbsp;&nbsp;&nbsp;&nbsp;&nbsp;&nbsp;&nbsp;&nbsp;&nbsp;&nbsp;&nbsp; Un soin corporel,                  Une r\u00e9conciliation corps c\u0153ur esprit,                      de la confiance en Soi et en la Vie&#8230;<\/h6>\n\n\n\n<p><strong>Soma\u00a0&#8211; le corps et th\u00e9rapie\u00a0&#8211; le soin nous relient \u00e0 toute cette m\u00e9moire inscrite en nous, qui ne s\u2019exprime pas toujours et qui nous g\u00eane aux entournures. Le toucher-massage offre un moment unique de r\u00e9conciliation. Le mental peut l\u00e2cher,\u00a0 les tensions se d\u00e9nouent, les \u00e9motions se lib\u00e8rent et le changement survient.<\/strong> <\/p>\n\n\n\n<p>Notre corps a une m\u00e9moire et nos \u00e9motions s\u2019y inscrivent. Se remettre \u00e0 son \u00e9coute, c\u2019est l\u00e2cher le mental souvent envahissant. <em><strong>Notre corps souvent oubli\u00e9 se r\u00e9v\u00e8le un alli\u00e9 pr\u00e9cieux. <\/strong><\/em>Il est question de r\u00e9conciliation, de lib\u00e9ration \u00e9motionnelle et d&rsquo;accompagnement \u00e0 trouver vos propres solutions.<\/p>\n\n\n\n<p>Le corps et la respiration sont une porte d\u2019entr\u00e9e \u00e0 un mieux-\u00eatre global et ressour\u00e7ant. Mes outils sont mes mains pour un soin intuitif toujours unique inspir\u00e9 des techniques de massages et des aides de la psychoth\u00e9rapie corporelle. C&rsquo;est une histoire de rencontre et de confiance, qui, au fil de quelques s\u00e9ances, vous montrent combien votre corps vous raconte, montre le chemin de l&rsquo;observation de vos ressentis \u00e0 inscrire dans votre quotidien. Vous allez encore mieux comprendre qui vous \u00eates.<em> <strong>La somatoth\u00e9rapie vous offre un espace confidentiel et vous accompagne vers votre authenticit\u00e9 et votre soulagement, pour encore et \u00ab\u00a0en corps\u00a0\u00bb plus de sens dans votre vie.<\/strong><\/em><\/p>\n\n\n\n<p>D\u00e9sormais, avec l&rsquo;accord parental, je re\u00e7ois des enfants et des adolescents. J&rsquo;ai d\u00e9couvert, et de mani\u00e8re ponctuelle, que la somatoth\u00e9rapie aide les jeunes \u00e0 retrouver de l&rsquo;assurance et de la l\u00e9g\u00e8ret\u00e9 dans leur choix d&rsquo;orientation, de difficult\u00e9 scolaire ou relationnelle, d&rsquo;envie de grandir.<\/p>\n\n\n\n<p>J&rsquo;exp\u00e9rimente \u00e9galement de plus en plus combien quelques s\u00e9ances peuvent aider \u00e0 d\u00e9bloquer une situation difficile d&rsquo;un deuil r\u00e9cent ou ancien, \u00e9claircir des doutes autour d&rsquo;un changement professionnel.<\/p>\n\n\n\n<div class=\"wp-block-columns is-layout-flex wp-container-core-columns-is-layout-9d6595d7 wp-block-columns-is-layout-flex\">\n<div class=\"wp-block-column is-layout-flow wp-block-column-is-layout-flow\" style=\"flex-basis:60%\">\n<h6 class=\"wp-block-heading\">A votre \u00e9coute :<\/h6>\n\n\n\n<p>Vous avez envie d\u2019\u00eatre attentif \u00e0 votre corps, vous avez des douleurs, des g\u00eanes quotidiennes, de la difficult\u00e9 \u00e0 g\u00e9rer votre stress. <strong>Le toucher, le soin \u00e0 votre corps vous donne un moment unique, des retrouvailles avec votre corps et de la ressource \u00e0 vous-m\u00eame.<\/strong><\/p>\n\n\n\n<h6 class=\"wp-block-heading\">En recherche d&rsquo;\u00e9quilibre<\/h6>\n\n\n\n<p>Vous vous sentez mal dans votre peau, votre mental vous envahit. V<strong>ous avancez peu \u00e0 peu vers une \u00e9coute diff\u00e9rente de vous-m\u00eame. Vous touchez \u00e0 travers votre corps, la perception d\u2019un mieux-\u00eatre global.<\/strong><\/p>\n\n\n\n<h6 class=\"wp-block-heading\">Dans la travers\u00e9e d&rsquo;une \u00e9tape de vie<\/h6>\n\n\n\n<p>Vous avez l\u2019impression de pi\u00e9tiner, vous vivez un moment difficile.<strong> <\/strong>Vous \u00eates en reconversion professionnelle, en pleine transformation, traverser de doutes. <strong> Revenir \u00e0 votre corps vous donne d&rsquo;autres informations ou confirme celles que vous ressentez. Vous fa\u00eetes le lien, dans la travers\u00e9e de l&rsquo;\u00e9v\u00e9nement avec ce que vous \u00eates profond\u00e9ment.<\/strong><\/p>\n<\/div>\n\n\n\n<div class=\"wp-block-column is-layout-flow wp-block-column-is-layout-flow\"><div class=\"wp-block-image\">\n<figure class=\"aligncenter size-full is-resized\"><img loading=\"lazy\" decoding=\"async\" width=\"667\" height=\"1000\" src=\"http:\/\/www.marielaurepercot.fr\/wp-content\/uploads\/2022\/05\/22-05-Soin01.jpg\" alt=\"\" class=\"wp-image-1742\" style=\"width:167px;height:250px\" srcset=\"https:\/\/www.marielaurepercot.fr\/wp-content\/uploads\/2022\/05\/22-05-Soin01.jpg 667w, https:\/\/www.marielaurepercot.fr\/wp-content\/uploads\/2022\/05\/22-05-Soin01-200x300.jpg 200w, https:\/\/www.marielaurepercot.fr\/wp-content\/uploads\/2022\/05\/22-05-Soin01-600x900.jpg 600w\" sizes=\"auto, (max-width: 667px) 100vw, 667px\" \/><\/figure><\/div><\/div>\n<\/div>\n\n\n\n<div class=\"wp-block-columns is-layout-flex wp-container-core-columns-is-layout-9d6595d7 wp-block-columns-is-layout-flex\">\n<div class=\"wp-block-column is-layout-flow wp-block-column-is-layout-flow\" style=\"flex-basis:25%\"><div class=\"wp-block-image\">\n<figure class=\"aligncenter size-full\"><img loading=\"lazy\" decoding=\"async\" width=\"1000\" height=\"667\" src=\"http:\/\/www.marielaurepercot.fr\/wp-content\/uploads\/2022\/05\/22-05-Soin05.jpg\" alt=\"\" class=\"wp-image-1747\" srcset=\"https:\/\/www.marielaurepercot.fr\/wp-content\/uploads\/2022\/05\/22-05-Soin05.jpg 1000w, https:\/\/www.marielaurepercot.fr\/wp-content\/uploads\/2022\/05\/22-05-Soin05-300x200.jpg 300w, https:\/\/www.marielaurepercot.fr\/wp-content\/uploads\/2022\/05\/22-05-Soin05-768x512.jpg 768w, https:\/\/www.marielaurepercot.fr\/wp-content\/uploads\/2022\/05\/22-05-Soin05-600x400.jpg 600w\" sizes=\"auto, (max-width: 1000px) 100vw, 1000px\" \/><\/figure><\/div><\/div>\n\n\n\n<div class=\"wp-block-column is-layout-flow wp-block-column-is-layout-flow\">\n<h6 class=\"wp-block-heading\">Attir\u00e9 par un travail de<em> d\u00e9veloppement personnel<\/em><\/h6>\n\n\n\n<p>Vous avez envie de d\u00e9faire des n\u0153uds\u2026Vous \u00eates en qu\u00eate de sens. <strong>Votre corps r\u00e9concilie toute votre personnalit\u00e9 par la reconnaissance de ce qui vibre en vous.<\/strong><\/p>\n\n\n\n<p><em>** certification de l\u2019Ecole du Corps-conscience<\/em><\/p>\n<\/div>\n<\/div>\n\n\n\n<h4 class=\"wp-block-heading\">COMMENT ?<\/h4>\n\n\n\n<p>Une s\u00e9ance s&rsquo;attache \u00e0 vous faire ressentir votre corps et lib\u00e9rer un langage qui viendra de lui.  Il s&rsquo;agit donc de massage et plus encore d&rsquo;un toucher \u00e0 la mesure de ce que vous acceptez. Vous \u00eates install\u00e9 confortablement sur un matelas au sol de pr\u00e9f\u00e9rence. Je vous demande souvent comment vous vous sentez dans votre corps \u00e0 votre arriv\u00e9e et ensuite \u00e0 l&rsquo;issue de la s\u00e9ance. Cela surprend parfois cette interrogation qui ne vous est pas forc\u00e9ment habituelle. Le soin d\u00e9noue les tensions, fait surgir des liens avec vos blessures mais aussi avec votre force de vie. Je vous accompagne dans ce dialogue avec vous-m\u00eame o\u00f9 le corps retrouve pleinement sa place. Vous avancez \u00e0 votre rythme. Vous restez acteur et d\u00e9cideur de votre changement.<\/p>\n\n\n\n<div class=\"wp-block-columns is-layout-flex wp-container-core-columns-is-layout-9d6595d7 wp-block-columns-is-layout-flex\">\n<div class=\"wp-block-column is-layout-flow wp-block-column-is-layout-flow\" style=\"flex-basis:25%\"><div class=\"wp-block-image\">\n<figure class=\"aligncenter size-full\"><img loading=\"lazy\" decoding=\"async\" width=\"1000\" height=\"667\" src=\"http:\/\/www.marielaurepercot.fr\/wp-content\/uploads\/2022\/05\/22-05-Soin14.jpg\" alt=\"\" class=\"wp-image-1740\" srcset=\"https:\/\/www.marielaurepercot.fr\/wp-content\/uploads\/2022\/05\/22-05-Soin14.jpg 1000w, https:\/\/www.marielaurepercot.fr\/wp-content\/uploads\/2022\/05\/22-05-Soin14-300x200.jpg 300w, https:\/\/www.marielaurepercot.fr\/wp-content\/uploads\/2022\/05\/22-05-Soin14-768x512.jpg 768w, https:\/\/www.marielaurepercot.fr\/wp-content\/uploads\/2022\/05\/22-05-Soin14-600x400.jpg 600w\" sizes=\"auto, (max-width: 1000px) 100vw, 1000px\" \/><\/figure><\/div>\n\n\n<p><\/p>\n<\/div>\n\n\n\n<div class=\"wp-block-column is-layout-flow wp-block-column-is-layout-flow\">\n<p>\u2022 Les techniques du toucher :<\/p>\n\n\n\n<p><em>        J&rsquo;utilise des huiles v\u00e9g\u00e9tales biologiques<\/em><\/p>\n\n\n\n<ul class=\"wp-block-list\">\n<li>Le massage* californien, enveloppant et fluide, apporte la d\u00e9tente et la sensation de tout votre corps<\/li>\n\n\n\n<li>Le shiatsu harmonise votre \u00e9nergie et lib\u00e8re vos tensions par des pressions le long des m\u00e9ridiens selon la m\u00e9decine chinoise<\/li>\n\n\n\n<li>La relaxation cor\u00e9enne, un m\u00e9lange de vibrations et d&rsquo;\u00e9tirements, invite \u00e0 l\u00e2cher le mental<\/li>\n<\/ul>\n<\/div>\n<\/div>\n\n\n\n<div class=\"wp-block-columns is-layout-flex wp-container-core-columns-is-layout-9d6595d7 wp-block-columns-is-layout-flex\">\n<div class=\"wp-block-column is-layout-flow wp-block-column-is-layout-flow\" style=\"flex-basis:75%\">\n<p>\u2022 Les aides de la psychoth\u00e9rapie corporelle&nbsp;:<\/p>\n\n\n\n<ul class=\"wp-block-list\">\n<li>La bio-\u00e9nergie&nbsp;: un \u00e9quilibrage \u00e9nerg\u00e9tique<\/li>\n\n\n\n<li>La Gestalt&nbsp;qui mobilise la dimension relationnelle<\/li>\n\n\n\n<li>La visualisation<\/li>\n\n\n\n<li>La cr\u00e9ativit\u00e9 spontan\u00e9e&nbsp;: d\u00e9clencheurs de processus de transformation physique et psychiques<\/li>\n<\/ul>\n\n\n\n<p><em>Les techniques propos\u00e9es sont utilis\u00e9es dans une optique de mieux-\u00eatre psychique et corporel sans but m\u00e9dical, elles ne dispensent pas d\u2019un recours \u00e0 un professionnel de la sant\u00e9 physique et mentale<\/em><\/p>\n\n\n\n<p>Dur\u00e9e de la s\u00e9ance :1h15 \u00e0 1h30. Tarif : 65\u20ac, pour enfants et adolescents : 45 <em>Possibilit\u00e9s d&rsquo;am\u00e9nagement  et  r\u00e9duction en cas de difficult\u00e9s financi\u00e8res<\/em><\/p>\n\n\n\n<p>Lieu : Centre de Bien-\u00catre et de Sant\u00e9<br>50 rue Pitre Grenapin \u00e0 Saint-Nazaire<\/p>\n<\/div>\n\n\n\n<div class=\"wp-block-column is-layout-flow wp-block-column-is-layout-flow\"><div class=\"wp-block-image\">\n<figure class=\"aligncenter size-full\"><img loading=\"lazy\" decoding=\"async\" width=\"1000\" height=\"667\" src=\"http:\/\/www.marielaurepercot.fr\/wp-content\/uploads\/2022\/05\/22-05-Soin38.jpg\" alt=\"\" class=\"wp-image-1738\" srcset=\"https:\/\/www.marielaurepercot.fr\/wp-content\/uploads\/2022\/05\/22-05-Soin38.jpg 1000w, https:\/\/www.marielaurepercot.fr\/wp-content\/uploads\/2022\/05\/22-05-Soin38-300x200.jpg 300w, https:\/\/www.marielaurepercot.fr\/wp-content\/uploads\/2022\/05\/22-05-Soin38-768x512.jpg 768w, https:\/\/www.marielaurepercot.fr\/wp-content\/uploads\/2022\/05\/22-05-Soin38-600x400.jpg 600w\" sizes=\"auto, (max-width: 1000px) 100vw, 1000px\" \/><\/figure><\/div><\/div>\n<\/div>\n\n\n\n<div class=\"wp-block-columns is-layout-flex wp-container-core-columns-is-layout-9d6595d7 wp-block-columns-is-layout-flex\">\n<div class=\"wp-block-column is-layout-flow wp-block-column-is-layout-flow\">\n<div class=\"wp-block-buttons is-content-justification-center is-layout-flex wp-container-core-buttons-is-layout-16018d1d wp-block-buttons-is-layout-flex\">\n<div class=\"wp-block-button\"><a class=\"wp-block-button__link has-text-color has-background\" href=\"http:\/\/www.marielaurepercot.fr\/index.php\/contact\/\" style=\"border-radius:5px;background-color:#f8991d;color:#d2202c\"><strong>Me contacter<\/strong><\/a><\/div>\n<\/div>\n<\/div>\n\n\n\n<div class=\"wp-block-column is-layout-flow wp-block-column-is-layout-flow\">\n<div class=\"wp-block-buttons is-content-justification-center is-layout-flex wp-container-core-buttons-is-layout-16018d1d wp-block-buttons-is-layout-flex\">\n<div class=\"wp-block-button\"><a class=\"wp-block-button__link has-text-color has-background\" href=\"www.marielaurepercot.fr\/index.php\/prendre-rendez-vous\/\" style=\"border-radius:5px;background-color:#f8991d;color:#d2202c\"><strong>Prendre Rendez-vous en ligne<\/strong><\/a><\/div>\n<\/div>\n<\/div>\n<\/div>\n","protected":false},"excerpt":{"rendered":"<p>&nbsp;&nbsp;&nbsp;&nbsp;&nbsp;&nbsp;&nbsp;&nbsp;&nbsp;&nbsp;&nbsp;&nbsp;&nbsp;&nbsp;&nbsp;&nbsp;&nbsp;&nbsp;&nbsp;&nbsp;&nbsp;&nbsp;&nbsp;&nbsp;&nbsp;&nbsp;&nbsp;&nbsp;&nbsp;&nbsp; Un soin corporel, Une r\u00e9conciliation corps c\u0153ur esprit, de la confiance en Soi et en la Vie&#8230; Soma\u00a0&#8211; le corps et th\u00e9rapie\u00a0&#8211; le soin nous relient \u00e0 toute cette m\u00e9moire inscrite en nous, qui ne s\u2019exprime pas toujours et qui nous g\u00eane aux entournures. Le toucher-massage offre un moment unique de r\u00e9conciliation. Le mental&hellip; <br \/> <a class=\"button small blue\" href=\"https:\/\/www.marielaurepercot.fr\/index.php\/la-somatotherapie\/\">Lire la suite<\/a><\/p>\n","protected":false},"author":1,"featured_media":0,"parent":0,"menu_order":0,"comment_status":"closed","ping_status":"closed","template":"","meta":{"_exactmetrics_skip_tracking":false,"_exactmetrics_sitenote_active":false,"_exactmetrics_sitenote_note":"","_exactmetrics_sitenote_category":0,"_themeisle_gutenberg_block_has_review":false,"footnotes":""},"class_list":["post-23","page","type-page","status-publish","hentry"],"yoast_head":"<!-- This site is optimized with the Yoast SEO plugin v26.4 - https:\/\/yoast.com\/wordpress\/plugins\/seo\/ -->\n<title>La Somatoth\u00e9rapie - Marie Laure Percot<\/title>\n<meta name=\"description\" content=\"Marie Laure vous propose des s\u00e9ances de somatoth\u00e9rapie : un soin corporel, une r\u00e9conciliation corps, c\u0153ur, esprit, de la confiance en Soi et en la Vie ...\" \/>\n<meta name=\"robots\" content=\"index, follow, max-snippet:-1, max-image-preview:large, max-video-preview:-1\" \/>\n<link rel=\"canonical\" href=\"http:\/\/www.marielaurepercot.fr\/index.php\/la-somatotherapie\/\" \/>\n<meta property=\"og:locale\" content=\"fr_FR\" \/>\n<meta property=\"og:type\" content=\"article\" \/>\n<meta property=\"og:title\" content=\"La Somatoth\u00e9rapie - Marie Laure Percot\" \/>\n<meta property=\"og:description\" content=\"Marie Laure vous propose des s\u00e9ances de somatoth\u00e9rapie : un soin corporel, une r\u00e9conciliation corps, c\u0153ur, esprit, de la confiance en Soi et en la Vie ...\" \/>\n<meta property=\"og:url\" content=\"http:\/\/www.marielaurepercot.fr\/index.php\/la-somatotherapie\/\" \/>\n<meta property=\"og:site_name\" content=\"Marie Laure Percot\" \/>\n<meta property=\"article:modified_time\" content=\"2026-04-27T13:56:29+00:00\" \/>\n<meta property=\"og:image\" content=\"http:\/\/www.marielaurepercot.fr\/wp-content\/uploads\/2022\/05\/22-05-Soin01.jpg\" \/>\n<meta name=\"twitter:card\" content=\"summary_large_image\" \/>\n<meta name=\"twitter:label1\" content=\"Dur\u00e9e de lecture estim\u00e9e\" \/>\n\t<meta name=\"twitter:data1\" content=\"15 minutes\" \/>\n<script type=\"application\/ld+json\" class=\"yoast-schema-graph\">{\"@context\":\"https:\/\/schema.org\",\"@graph\":[{\"@type\":\"WebPage\",\"@id\":\"http:\/\/www.marielaurepercot.fr\/index.php\/la-somatotherapie\/\",\"url\":\"http:\/\/www.marielaurepercot.fr\/index.php\/la-somatotherapie\/\",\"name\":\"La Somatoth\u00e9rapie - Marie Laure Percot\",\"isPartOf\":{\"@id\":\"http:\/\/www.marielaurepercot.fr\/#website\"},\"primaryImageOfPage\":{\"@id\":\"http:\/\/www.marielaurepercot.fr\/index.php\/la-somatotherapie\/#primaryimage\"},\"image\":{\"@id\":\"http:\/\/www.marielaurepercot.fr\/index.php\/la-somatotherapie\/#primaryimage\"},\"thumbnailUrl\":\"http:\/\/www.marielaurepercot.fr\/wp-content\/uploads\/2022\/05\/22-05-Soin01.jpg\",\"datePublished\":\"2017-01-11T17:06:00+00:00\",\"dateModified\":\"2026-04-27T13:56:29+00:00\",\"description\":\"Marie Laure vous propose des s\u00e9ances de somatoth\u00e9rapie : un soin corporel, une r\u00e9conciliation corps, c\u0153ur, esprit, de la confiance en Soi et en la Vie ...\",\"breadcrumb\":{\"@id\":\"http:\/\/www.marielaurepercot.fr\/index.php\/la-somatotherapie\/#breadcrumb\"},\"inLanguage\":\"fr-FR\",\"potentialAction\":[{\"@type\":\"ReadAction\",\"target\":[\"http:\/\/www.marielaurepercot.fr\/index.php\/la-somatotherapie\/\"]}]},{\"@type\":\"ImageObject\",\"inLanguage\":\"fr-FR\",\"@id\":\"http:\/\/www.marielaurepercot.fr\/index.php\/la-somatotherapie\/#primaryimage\",\"url\":\"https:\/\/www.marielaurepercot.fr\/wp-content\/uploads\/2022\/05\/22-05-Soin01.jpg\",\"contentUrl\":\"https:\/\/www.marielaurepercot.fr\/wp-content\/uploads\/2022\/05\/22-05-Soin01.jpg\",\"width\":667,\"height\":1000},{\"@type\":\"BreadcrumbList\",\"@id\":\"http:\/\/www.marielaurepercot.fr\/index.php\/la-somatotherapie\/#breadcrumb\",\"itemListElement\":[{\"@type\":\"ListItem\",\"position\":1,\"name\":\"Accueil\",\"item\":\"http:\/\/www.marielaurepercot.fr\/\"},{\"@type\":\"ListItem\",\"position\":2,\"name\":\"La Somatoth\u00e9rapie\"}]},{\"@type\":\"WebSite\",\"@id\":\"http:\/\/www.marielaurepercot.fr\/#website\",\"url\":\"http:\/\/www.marielaurepercot.fr\/\",\"name\":\"Marie Laure Percot\",\"description\":\"somatotherapeute\",\"publisher\":{\"@id\":\"http:\/\/www.marielaurepercot.fr\/#organization\"},\"potentialAction\":[{\"@type\":\"SearchAction\",\"target\":{\"@type\":\"EntryPoint\",\"urlTemplate\":\"http:\/\/www.marielaurepercot.fr\/?s={search_term_string}\"},\"query-input\":{\"@type\":\"PropertyValueSpecification\",\"valueRequired\":true,\"valueName\":\"search_term_string\"}}],\"inLanguage\":\"fr-FR\"},{\"@type\":\"Organization\",\"@id\":\"http:\/\/www.marielaurepercot.fr\/#organization\",\"name\":\"Marie Laure Percot\",\"url\":\"http:\/\/www.marielaurepercot.fr\/\",\"logo\":{\"@type\":\"ImageObject\",\"inLanguage\":\"fr-FR\",\"@id\":\"http:\/\/www.marielaurepercot.fr\/#\/schema\/logo\/image\/\",\"url\":\"https:\/\/www.marielaurepercot.fr\/wp-content\/uploads\/2025\/07\/LogoBD.png\",\"contentUrl\":\"https:\/\/www.marielaurepercot.fr\/wp-content\/uploads\/2025\/07\/LogoBD.png\",\"width\":340,\"height\":148,\"caption\":\"Marie Laure Percot\"},\"image\":{\"@id\":\"http:\/\/www.marielaurepercot.fr\/#\/schema\/logo\/image\/\"}}]}<\/script>\n<!-- \/ Yoast SEO plugin. -->","yoast_head_json":{"title":"La Somatoth\u00e9rapie - Marie Laure Percot","description":"Marie Laure vous propose des s\u00e9ances de somatoth\u00e9rapie : un soin corporel, une r\u00e9conciliation corps, c\u0153ur, esprit, de la confiance en Soi et en la Vie ...","robots":{"index":"index","follow":"follow","max-snippet":"max-snippet:-1","max-image-preview":"max-image-preview:large","max-video-preview":"max-video-preview:-1"},"canonical":"http:\/\/www.marielaurepercot.fr\/index.php\/la-somatotherapie\/","og_locale":"fr_FR","og_type":"article","og_title":"La Somatoth\u00e9rapie - Marie Laure Percot","og_description":"Marie Laure vous propose des s\u00e9ances de somatoth\u00e9rapie : un soin corporel, une r\u00e9conciliation corps, c\u0153ur, esprit, de la confiance en Soi et en la Vie ...","og_url":"http:\/\/www.marielaurepercot.fr\/index.php\/la-somatotherapie\/","og_site_name":"Marie Laure Percot","article_modified_time":"2026-04-27T13:56:29+00:00","og_image":[{"url":"http:\/\/www.marielaurepercot.fr\/wp-content\/uploads\/2022\/05\/22-05-Soin01.jpg","type":"","width":"","height":""}],"twitter_card":"summary_large_image","twitter_misc":{"Dur\u00e9e de lecture estim\u00e9e":"15 minutes"},"schema":{"@context":"https:\/\/schema.org","@graph":[{"@type":"WebPage","@id":"http:\/\/www.marielaurepercot.fr\/index.php\/la-somatotherapie\/","url":"http:\/\/www.marielaurepercot.fr\/index.php\/la-somatotherapie\/","name":"La Somatoth\u00e9rapie - Marie Laure Percot","isPartOf":{"@id":"http:\/\/www.marielaurepercot.fr\/#website"},"primaryImageOfPage":{"@id":"http:\/\/www.marielaurepercot.fr\/index.php\/la-somatotherapie\/#primaryimage"},"image":{"@id":"http:\/\/www.marielaurepercot.fr\/index.php\/la-somatotherapie\/#primaryimage"},"thumbnailUrl":"http:\/\/www.marielaurepercot.fr\/wp-content\/uploads\/2022\/05\/22-05-Soin01.jpg","datePublished":"2017-01-11T17:06:00+00:00","dateModified":"2026-04-27T13:56:29+00:00","description":"Marie Laure vous propose des s\u00e9ances de somatoth\u00e9rapie : un soin corporel, une r\u00e9conciliation corps, c\u0153ur, esprit, de la confiance en Soi et en la Vie ...","breadcrumb":{"@id":"http:\/\/www.marielaurepercot.fr\/index.php\/la-somatotherapie\/#breadcrumb"},"inLanguage":"fr-FR","potentialAction":[{"@type":"ReadAction","target":["http:\/\/www.marielaurepercot.fr\/index.php\/la-somatotherapie\/"]}]},{"@type":"ImageObject","inLanguage":"fr-FR","@id":"http:\/\/www.marielaurepercot.fr\/index.php\/la-somatotherapie\/#primaryimage","url":"https:\/\/www.marielaurepercot.fr\/wp-content\/uploads\/2022\/05\/22-05-Soin01.jpg","contentUrl":"https:\/\/www.marielaurepercot.fr\/wp-content\/uploads\/2022\/05\/22-05-Soin01.jpg","width":667,"height":1000},{"@type":"BreadcrumbList","@id":"http:\/\/www.marielaurepercot.fr\/index.php\/la-somatotherapie\/#breadcrumb","itemListElement":[{"@type":"ListItem","position":1,"name":"Accueil","item":"http:\/\/www.marielaurepercot.fr\/"},{"@type":"ListItem","position":2,"name":"La Somatoth\u00e9rapie"}]},{"@type":"WebSite","@id":"http:\/\/www.marielaurepercot.fr\/#website","url":"http:\/\/www.marielaurepercot.fr\/","name":"Marie Laure Percot","description":"somatotherapeute","publisher":{"@id":"http:\/\/www.marielaurepercot.fr\/#organization"},"potentialAction":[{"@type":"SearchAction","target":{"@type":"EntryPoint","urlTemplate":"http:\/\/www.marielaurepercot.fr\/?s={search_term_string}"},"query-input":{"@type":"PropertyValueSpecification","valueRequired":true,"valueName":"search_term_string"}}],"inLanguage":"fr-FR"},{"@type":"Organization","@id":"http:\/\/www.marielaurepercot.fr\/#organization","name":"Marie Laure Percot","url":"http:\/\/www.marielaurepercot.fr\/","logo":{"@type":"ImageObject","inLanguage":"fr-FR","@id":"http:\/\/www.marielaurepercot.fr\/#\/schema\/logo\/image\/","url":"https:\/\/www.marielaurepercot.fr\/wp-content\/uploads\/2025\/07\/LogoBD.png","contentUrl":"https:\/\/www.marielaurepercot.fr\/wp-content\/uploads\/2025\/07\/LogoBD.png","width":340,"height":148,"caption":"Marie Laure Percot"},"image":{"@id":"http:\/\/www.marielaurepercot.fr\/#\/schema\/logo\/image\/"}}]}},"_links":{"self":[{"href":"https:\/\/www.marielaurepercot.fr\/index.php\/wp-json\/wp\/v2\/pages\/23","targetHints":{"allow":["GET"]}}],"collection":[{"href":"https:\/\/www.marielaurepercot.fr\/index.php\/wp-json\/wp\/v2\/pages"}],"about":[{"href":"https:\/\/www.marielaurepercot.fr\/index.php\/wp-json\/wp\/v2\/types\/page"}],"author":[{"embeddable":true,"href":"https:\/\/www.marielaurepercot.fr\/index.php\/wp-json\/wp\/v2\/users\/1"}],"replies":[{"embeddable":true,"href":"https:\/\/www.marielaurepercot.fr\/index.php\/wp-json\/wp\/v2\/comments?post=23"}],"version-history":[{"count":82,"href":"https:\/\/www.marielaurepercot.fr\/index.php\/wp-json\/wp\/v2\/pages\/23\/revisions"}],"predecessor-version":[{"id":2916,"href":"https:\/\/www.marielaurepercot.fr\/index.php\/wp-json\/wp\/v2\/pages\/23\/revisions\/2916"}],"wp:attachment":[{"href":"https:\/\/www.marielaurepercot.fr\/index.php\/wp-json\/wp\/v2\/media?parent=23"}],"curies":[{"name":"wp","href":"https:\/\/api.w.org\/{rel}","templated":true}]}}