{"id":2823,"date":"2025-11-19T09:08:21","date_gmt":"2025-11-19T08:08:21","guid":{"rendered":"https:\/\/www.marielaurepercot.fr\/?page_id=2823"},"modified":"2025-11-20T14:13:38","modified_gmt":"2025-11-20T13:13:38","slug":"inscription-a-la-veillee-du-19-decembre-2025","status":"publish","type":"page","link":"https:\/\/www.marielaurepercot.fr\/index.php\/inscription-a-la-veillee-du-19-decembre-2025\/","title":{"rendered":"Inscription \u00e0 la veill\u00e9e du 19 d\u00e9cembre 2025"},"content":{"rendered":"\n<h3 class=\"wp-block-heading has-text-align-center\"><strong>Veill\u00e9e du Solstice d&rsquo;hiver<\/strong><\/h3>\n\n\n\n<h4 class=\"wp-block-heading has-text-align-center\"><strong>M\u00e9diter<br>R\u00e9veiller nos corps et les laisser danser<br>Cr\u00e9er<\/strong><br><\/h4>\n\n\n\n<p class=\"has-text-align-center\">Date\u00a0: vendredi 19 d\u00e9cembre 2025<br>Public\u00a0: accessible \u00e0 tous, adultes hommes et femmes<br>Horaires\u00a0: 17h \u00e0 18h30<br>Lieu : Le Loft 7 rue de l\u2019Etoile du Matin \u00e0 St Nazaire<\/p>\n\n\n\n<div class=\"wpcf7 no-js\" id=\"wpcf7-f1345-o1\" lang=\"fr-FR\" dir=\"ltr\" data-wpcf7-id=\"1345\">\n<div class=\"screen-reader-response\"><p role=\"status\" aria-live=\"polite\" aria-atomic=\"true\"><\/p> <ul><\/ul><\/div>\n<form action=\"\/index.php\/wp-json\/wp\/v2\/pages\/2823#wpcf7-f1345-o1\" method=\"post\" class=\"wpcf7-form init\" aria-label=\"Formulaire de contact\" novalidate=\"novalidate\" data-status=\"init\">\n<fieldset class=\"hidden-fields-container\"><input type=\"hidden\" name=\"_wpcf7\" value=\"1345\" \/><input type=\"hidden\" name=\"_wpcf7_version\" value=\"6.1.3\" \/><input type=\"hidden\" name=\"_wpcf7_locale\" value=\"fr_FR\" \/><input type=\"hidden\" name=\"_wpcf7_unit_tag\" value=\"wpcf7-f1345-o1\" \/><input type=\"hidden\" name=\"_wpcf7_container_post\" value=\"0\" \/><input type=\"hidden\" name=\"_wpcf7_posted_data_hash\" value=\"\" \/><input type=\"hidden\" name=\"_wpcf7_recaptcha_response\" value=\"\" \/>\n<\/fieldset>\n<div id=\"formulaire-responsive\" class=\"clearfix\">\n\t<div class=\"rang-form\">\n\t\t<div class=\"colonne\">\n\t\t\t<p>Votre nom (obligatoire) <span class=\"wpcf7-form-control-wrap\" data-name=\"nom\"><input size=\"40\" maxlength=\"400\" class=\"wpcf7-form-control wpcf7-text wpcf7-validates-as-required\" aria-required=\"true\" aria-invalid=\"false\" value=\"\" type=\"text\" name=\"nom\" \/><\/span>\n\t\t\t<\/p>\n\t\t<\/div>\n\t<\/div>\n\t<div class=\"rang-form\">\n\t\t<div class=\"colonne\">\n\t\t\t<p>Votre pr\u00e9nom (obligatoire) <span class=\"wpcf7-form-control-wrap\" data-name=\"prenom\"><input size=\"40\" maxlength=\"400\" class=\"wpcf7-form-control wpcf7-text wpcf7-validates-as-required\" aria-required=\"true\" aria-invalid=\"false\" value=\"\" type=\"text\" name=\"prenom\" \/><\/span>\n\t\t\t<\/p>\n\t\t<\/div>\n\t<\/div>\n\t<div class=\"rang-form\">\n\t\t<div class=\"colonne\">\n\t\t\t<p>T\u00e9l\u00e9phone (obligatoire) <span class=\"wpcf7-form-control-wrap\" data-name=\"tel\"><input size=\"40\" maxlength=\"400\" class=\"wpcf7-form-control wpcf7-tel wpcf7-validates-as-required wpcf7-text wpcf7-validates-as-tel\" aria-required=\"true\" aria-invalid=\"false\" value=\"\" type=\"tel\" name=\"tel\" \/><\/span>\n\t\t\t<\/p>\n\t\t<\/div>\n\t<\/div>\n\t<div class=\"rang-form\">\n\t\t<div class=\"colonne\">\n\t\t\t<p>Votre e-mail (obligatoire) <span class=\"wpcf7-form-control-wrap\" data-name=\"email\"><input size=\"40\" maxlength=\"400\" class=\"wpcf7-form-control wpcf7-email wpcf7-validates-as-required wpcf7-text wpcf7-validates-as-email\" aria-required=\"true\" aria-invalid=\"false\" value=\"\" type=\"email\" name=\"email\" \/><\/span>\n\t\t\t<\/p>\n\t\t<\/div>\n\t<\/div>\n\t<div class=\"rang-form\">\n\t\t<div class=\"colonne\">\n\t\t\t<p><span class=\"wpcf7-form-control-wrap\" data-name=\"acceptance-964\"><span class=\"wpcf7-form-control wpcf7-acceptance\"><span class=\"wpcf7-list-item\"><label><input type=\"checkbox\" name=\"acceptance-964\" value=\"1\" aria-invalid=\"false\" \/><span class=\"wpcf7-list-item-label\">J'autorise Marie Laure Percot \u00e0 me contacter et \u00e0 utiliser mes donn\u00e9es (obligatoire si vous souhaitez \u00eatre recontact\u00e9). Mes donn\u00e9es ne seront jamais transmises \u00e0 des tiers. <a href=\"http:\/\/www.marielaurepercot.fr\/index.php\/mentions-legales\/\" target=\"_blank\">Consultez ma politique de confidentialit\u00e9<\/a><\/span><\/label><\/span><\/span><\/span>\n\t\t\t<\/p>\n\t\t<\/div>\n\t<\/div>\n\t<div class=\"rang-form\">\n\t\t<div class=\"colonne\">\n\t\t<span class=\"wpcf7-form-control-wrap recaptcha\" data-name=\"recaptcha\"><span data-sitekey=\"6LfVxx8dAAAAAIIrVxM21zQovCFw1VAOYeAu5f1q\" class=\"wpcf7-form-control wpcf7-recaptcha g-recaptcha\"><\/span>\r\n<noscript>\r\n\t<div class=\"grecaptcha-noscript\">\r\n\t\t<iframe loading=\"lazy\" src=\"https:\/\/www.google.com\/recaptcha\/api\/fallback?k=6LfVxx8dAAAAAIIrVxM21zQovCFw1VAOYeAu5f1q\" frameborder=\"0\" scrolling=\"no\" width=\"310\" height=\"430\">\r\n\t\t<\/iframe>\r\n\t\t<textarea name=\"g-recaptcha-response\" rows=\"3\" cols=\"40\" placeholder=\"reCaptcha Response Here\">\r\n\t\t<\/textarea>\r\n\t<\/div>\r\n<\/noscript>\r\n<\/span>\n\t\t<\/div>\n\t<\/div>\n\t<div class=\"rang-form\">\n\t\t<div class=\"colonne\">\n\t\t\t<p><input class=\"wpcf7-form-control wpcf7-submit has-spinner\" type=\"submit\" value=\"Envoyer\" \/>\n\t\t\t<\/p>\n\t\t<\/div>\n\t<\/div>\n<\/div><div class=\"wpcf7-response-output\" aria-hidden=\"true\"><\/div>\n<\/form>\n<\/div>\n\n","protected":false},"excerpt":{"rendered":"<p>Veill\u00e9e du Solstice d&rsquo;hiver M\u00e9diterR\u00e9veiller nos corps et les laisser danserCr\u00e9er Date\u00a0: vendredi 19 d\u00e9cembre 2025Public\u00a0: accessible \u00e0 tous, adultes hommes et femmesHoraires\u00a0: 17h \u00e0 18h30Lieu : Le Loft 7 rue de l\u2019Etoile du Matin \u00e0 St Nazaire<\/p>\n","protected":false},"author":1,"featured_media":0,"parent":0,"menu_order":0,"comment_status":"closed","ping_status":"closed","template":"","meta":{"_exactmetrics_skip_tracking":false,"_exactmetrics_sitenote_active":false,"_exactmetrics_sitenote_note":"","_exactmetrics_sitenote_category":0,"_themeisle_gutenberg_block_has_review":false,"footnotes":""},"class_list":["post-2823","page","type-page","status-publish","hentry"],"yoast_head":"<!-- This site is optimized with the Yoast SEO plugin v26.4 - https:\/\/yoast.com\/wordpress\/plugins\/seo\/ -->\n<title>Inscription \u00e0 la veill\u00e9e du 19 d\u00e9cembre 2025 - Marie Laure Percot<\/title>\n<meta name=\"robots\" content=\"index, follow, max-snippet:-1, max-image-preview:large, max-video-preview:-1\" \/>\n<link rel=\"canonical\" href=\"https:\/\/www.marielaurepercot.fr\/index.php\/inscription-a-la-veillee-du-19-decembre-2025\/\" \/>\n<meta property=\"og:locale\" content=\"fr_FR\" \/>\n<meta property=\"og:type\" content=\"article\" \/>\n<meta property=\"og:title\" content=\"Inscription \u00e0 la veill\u00e9e du 19 d\u00e9cembre 2025 - Marie Laure Percot\" \/>\n<meta property=\"og:description\" content=\"Veill\u00e9e du Solstice d&rsquo;hiver M\u00e9diterR\u00e9veiller nos corps et les laisser danserCr\u00e9er Date\u00a0: vendredi 19 d\u00e9cembre 2025Public\u00a0: accessible \u00e0 tous, adultes hommes et femmesHoraires\u00a0: 17h \u00e0 18h30Lieu : Le Loft 7 rue de l\u2019Etoile du Matin \u00e0 St Nazaire\" \/>\n<meta property=\"og:url\" content=\"https:\/\/www.marielaurepercot.fr\/index.php\/inscription-a-la-veillee-du-19-decembre-2025\/\" \/>\n<meta property=\"og:site_name\" content=\"Marie Laure Percot\" \/>\n<meta property=\"article:modified_time\" content=\"2025-11-20T13:13:38+00:00\" \/>\n<meta property=\"og:image\" content=\"https:\/\/www.marielaurepercot.fr\/wp-content\/uploads\/2017\/01\/Logo.jpg\" \/>\n\t<meta property=\"og:image:width\" content=\"350\" \/>\n\t<meta property=\"og:image:height\" content=\"175\" \/>\n\t<meta property=\"og:image:type\" content=\"image\/jpeg\" \/>\n<meta name=\"twitter:card\" content=\"summary_large_image\" \/>\n<meta name=\"twitter:label1\" content=\"Dur\u00e9e de lecture estim\u00e9e\" \/>\n\t<meta name=\"twitter:data1\" content=\"1 minute\" \/>\n<script type=\"application\/ld+json\" class=\"yoast-schema-graph\">{\"@context\":\"https:\/\/schema.org\",\"@graph\":[{\"@type\":\"WebPage\",\"@id\":\"https:\/\/www.marielaurepercot.fr\/index.php\/inscription-a-la-veillee-du-19-decembre-2025\/\",\"url\":\"https:\/\/www.marielaurepercot.fr\/index.php\/inscription-a-la-veillee-du-19-decembre-2025\/\",\"name\":\"Inscription \u00e0 la veill\u00e9e du 19 d\u00e9cembre 2025 - Marie Laure Percot\",\"isPartOf\":{\"@id\":\"https:\/\/www.marielaurepercot.fr\/#website\"},\"datePublished\":\"2025-11-19T08:08:21+00:00\",\"dateModified\":\"2025-11-20T13:13:38+00:00\",\"breadcrumb\":{\"@id\":\"https:\/\/www.marielaurepercot.fr\/index.php\/inscription-a-la-veillee-du-19-decembre-2025\/#breadcrumb\"},\"inLanguage\":\"fr-FR\",\"potentialAction\":[{\"@type\":\"ReadAction\",\"target\":[\"https:\/\/www.marielaurepercot.fr\/index.php\/inscription-a-la-veillee-du-19-decembre-2025\/\"]}]},{\"@type\":\"BreadcrumbList\",\"@id\":\"https:\/\/www.marielaurepercot.fr\/index.php\/inscription-a-la-veillee-du-19-decembre-2025\/#breadcrumb\",\"itemListElement\":[{\"@type\":\"ListItem\",\"position\":1,\"name\":\"Accueil\",\"item\":\"https:\/\/www.marielaurepercot.fr\/\"},{\"@type\":\"ListItem\",\"position\":2,\"name\":\"Inscription \u00e0 la veill\u00e9e du 19 d\u00e9cembre 2025\"}]},{\"@type\":\"WebSite\",\"@id\":\"https:\/\/www.marielaurepercot.fr\/#website\",\"url\":\"https:\/\/www.marielaurepercot.fr\/\",\"name\":\"Marie Laure Percot\",\"description\":\"somatotherapeute\",\"publisher\":{\"@id\":\"https:\/\/www.marielaurepercot.fr\/#organization\"},\"potentialAction\":[{\"@type\":\"SearchAction\",\"target\":{\"@type\":\"EntryPoint\",\"urlTemplate\":\"https:\/\/www.marielaurepercot.fr\/?s={search_term_string}\"},\"query-input\":{\"@type\":\"PropertyValueSpecification\",\"valueRequired\":true,\"valueName\":\"search_term_string\"}}],\"inLanguage\":\"fr-FR\"},{\"@type\":\"Organization\",\"@id\":\"https:\/\/www.marielaurepercot.fr\/#organization\",\"name\":\"Marie Laure Percot\",\"url\":\"https:\/\/www.marielaurepercot.fr\/\",\"logo\":{\"@type\":\"ImageObject\",\"inLanguage\":\"fr-FR\",\"@id\":\"https:\/\/www.marielaurepercot.fr\/#\/schema\/logo\/image\/\",\"url\":\"https:\/\/www.marielaurepercot.fr\/wp-content\/uploads\/2025\/07\/LogoBD.png\",\"contentUrl\":\"https:\/\/www.marielaurepercot.fr\/wp-content\/uploads\/2025\/07\/LogoBD.png\",\"width\":340,\"height\":148,\"caption\":\"Marie Laure Percot\"},\"image\":{\"@id\":\"https:\/\/www.marielaurepercot.fr\/#\/schema\/logo\/image\/\"}}]}<\/script>\n<!-- \/ Yoast SEO plugin. -->","yoast_head_json":{"title":"Inscription \u00e0 la veill\u00e9e du 19 d\u00e9cembre 2025 - Marie Laure Percot","robots":{"index":"index","follow":"follow","max-snippet":"max-snippet:-1","max-image-preview":"max-image-preview:large","max-video-preview":"max-video-preview:-1"},"canonical":"https:\/\/www.marielaurepercot.fr\/index.php\/inscription-a-la-veillee-du-19-decembre-2025\/","og_locale":"fr_FR","og_type":"article","og_title":"Inscription \u00e0 la veill\u00e9e du 19 d\u00e9cembre 2025 - Marie Laure Percot","og_description":"Veill\u00e9e du Solstice d&rsquo;hiver M\u00e9diterR\u00e9veiller nos corps et les laisser danserCr\u00e9er Date\u00a0: vendredi 19 d\u00e9cembre 2025Public\u00a0: accessible \u00e0 tous, adultes hommes et femmesHoraires\u00a0: 17h \u00e0 18h30Lieu : Le Loft 7 rue de l\u2019Etoile du Matin \u00e0 St Nazaire","og_url":"https:\/\/www.marielaurepercot.fr\/index.php\/inscription-a-la-veillee-du-19-decembre-2025\/","og_site_name":"Marie Laure Percot","article_modified_time":"2025-11-20T13:13:38+00:00","og_image":[{"width":350,"height":175,"url":"https:\/\/www.marielaurepercot.fr\/wp-content\/uploads\/2017\/01\/Logo.jpg","type":"image\/jpeg"}],"twitter_card":"summary_large_image","twitter_misc":{"Dur\u00e9e de lecture estim\u00e9e":"1 minute"},"schema":{"@context":"https:\/\/schema.org","@graph":[{"@type":"WebPage","@id":"https:\/\/www.marielaurepercot.fr\/index.php\/inscription-a-la-veillee-du-19-decembre-2025\/","url":"https:\/\/www.marielaurepercot.fr\/index.php\/inscription-a-la-veillee-du-19-decembre-2025\/","name":"Inscription \u00e0 la veill\u00e9e du 19 d\u00e9cembre 2025 - Marie Laure Percot","isPartOf":{"@id":"https:\/\/www.marielaurepercot.fr\/#website"},"datePublished":"2025-11-19T08:08:21+00:00","dateModified":"2025-11-20T13:13:38+00:00","breadcrumb":{"@id":"https:\/\/www.marielaurepercot.fr\/index.php\/inscription-a-la-veillee-du-19-decembre-2025\/#breadcrumb"},"inLanguage":"fr-FR","potentialAction":[{"@type":"ReadAction","target":["https:\/\/www.marielaurepercot.fr\/index.php\/inscription-a-la-veillee-du-19-decembre-2025\/"]}]},{"@type":"BreadcrumbList","@id":"https:\/\/www.marielaurepercot.fr\/index.php\/inscription-a-la-veillee-du-19-decembre-2025\/#breadcrumb","itemListElement":[{"@type":"ListItem","position":1,"name":"Accueil","item":"https:\/\/www.marielaurepercot.fr\/"},{"@type":"ListItem","position":2,"name":"Inscription \u00e0 la veill\u00e9e du 19 d\u00e9cembre 2025"}]},{"@type":"WebSite","@id":"https:\/\/www.marielaurepercot.fr\/#website","url":"https:\/\/www.marielaurepercot.fr\/","name":"Marie Laure Percot","description":"somatotherapeute","publisher":{"@id":"https:\/\/www.marielaurepercot.fr\/#organization"},"potentialAction":[{"@type":"SearchAction","target":{"@type":"EntryPoint","urlTemplate":"https:\/\/www.marielaurepercot.fr\/?s={search_term_string}"},"query-input":{"@type":"PropertyValueSpecification","valueRequired":true,"valueName":"search_term_string"}}],"inLanguage":"fr-FR"},{"@type":"Organization","@id":"https:\/\/www.marielaurepercot.fr\/#organization","name":"Marie Laure Percot","url":"https:\/\/www.marielaurepercot.fr\/","logo":{"@type":"ImageObject","inLanguage":"fr-FR","@id":"https:\/\/www.marielaurepercot.fr\/#\/schema\/logo\/image\/","url":"https:\/\/www.marielaurepercot.fr\/wp-content\/uploads\/2025\/07\/LogoBD.png","contentUrl":"https:\/\/www.marielaurepercot.fr\/wp-content\/uploads\/2025\/07\/LogoBD.png","width":340,"height":148,"caption":"Marie Laure Percot"},"image":{"@id":"https:\/\/www.marielaurepercot.fr\/#\/schema\/logo\/image\/"}}]}},"_links":{"self":[{"href":"https:\/\/www.marielaurepercot.fr\/index.php\/wp-json\/wp\/v2\/pages\/2823","targetHints":{"allow":["GET"]}}],"collection":[{"href":"https:\/\/www.marielaurepercot.fr\/index.php\/wp-json\/wp\/v2\/pages"}],"about":[{"href":"https:\/\/www.marielaurepercot.fr\/index.php\/wp-json\/wp\/v2\/types\/page"}],"author":[{"embeddable":true,"href":"https:\/\/www.marielaurepercot.fr\/index.php\/wp-json\/wp\/v2\/users\/1"}],"replies":[{"embeddable":true,"href":"https:\/\/www.marielaurepercot.fr\/index.php\/wp-json\/wp\/v2\/comments?post=2823"}],"version-history":[{"count":8,"href":"https:\/\/www.marielaurepercot.fr\/index.php\/wp-json\/wp\/v2\/pages\/2823\/revisions"}],"predecessor-version":[{"id":2858,"href":"https:\/\/www.marielaurepercot.fr\/index.php\/wp-json\/wp\/v2\/pages\/2823\/revisions\/2858"}],"wp:attachment":[{"href":"https:\/\/www.marielaurepercot.fr\/index.php\/wp-json\/wp\/v2\/media?parent=2823"}],"curies":[{"name":"wp","href":"https:\/\/api.w.org\/{rel}","templated":true}]}}